{"id":693,"date":"2020-03-03T12:51:15","date_gmt":"2020-03-03T11:51:15","guid":{"rendered":"https:\/\/www.led-llt.eu\/?post_type=product&#038;p=693"},"modified":"2020-03-03T13:04:09","modified_gmt":"2020-03-03T12:04:09","slug":"706017-15w-bila","status":"publish","type":"product","link":"https:\/\/www.led-llt.eu\/?product=706017-15w-bila","title":{"rendered":"706017- 1,5W b\u00edl\u00e1, \u010dern\u00e1"},"content":{"rendered":"<p>Pou\u017eit\u00ed &#8211; Sol\u00e1rn\u00ed n\u00e1st\u011bnn\u00e9 sv\u011btlo lze pou\u017e\u00edt ve v\u0161ech oblastech, kde je elekt\u0159ina nevyhovuj\u00edc\u00ed, ale pln\u00e1 slune\u010dn\u00edho sv\u011btla, jako je vstup, chodn\u00edk, gar\u00e1\u017e, balkon, ze\u010f, veranda, chodba, alej, pavilony, budova, blok, venkovn\u00ed zahradn\u00ed dekorace, venkovsk\u00fd pruh atd.<\/p>\n<p><img decoding=\"async\" loading=\"lazy\" class=\"alignnone size-medium wp-image-699\" src=\"https:\/\/www.led-llt.eu\/wp-content\/uploads\/2020\/03\/171-300x200.jpg\" alt=\"\" width=\"300\" height=\"200\" \/><img decoding=\"async\" loading=\"lazy\" class=\"size-medium wp-image-700\" style=\"font-weight: bold;\" src=\"https:\/\/www.led-llt.eu\/wp-content\/uploads\/2020\/03\/111-300x198.jpg\" alt=\"\" width=\"300\" height=\"198\" \/><\/p>\n<p><img decoding=\"async\" loading=\"lazy\" class=\"alignnone size-medium wp-image-701\" src=\"https:\/\/www.led-llt.eu\/wp-content\/uploads\/2020\/03\/14-300x107.jpg\" alt=\"\" width=\"300\" height=\"107\" \/> <img decoding=\"async\" loading=\"lazy\" class=\"alignnone size-medium wp-image-702\" src=\"https:\/\/www.led-llt.eu\/wp-content\/uploads\/2020\/03\/15-300x183.jpg\" alt=\"\" width=\"300\" height=\"183\" \/><\/p>\n<p>&nbsp;<\/p>\n<p>&nbsp;<\/p>\n<p>&nbsp;<\/p>\n","protected":false},"excerpt":{"rendered":"<h6>Polykrystalick\u00fd k\u0159em\u00edkov\u00fd silikonov\u00fd sol\u00e1rn\u00ed panel s vysokou konverz\u00ed<br \/>\nDoba nab\u00edjen\u00ed 5-6 hodin od slune\u010dn\u00edho sv\u011btla za den<br \/>\nPracovn\u00ed doba nep\u0159etr\u017eit\u011b pracuje 3 noci, 4 ~ 7 dn\u00ed v de\u0161tiv\u00fdch dnech<br \/>\nBarva povrchu b\u00edl\u00e1, \u010dern\u00e1, st\u0159\u00edbrn\u00e1<br \/>\nRozsah sn\u00edm\u00e1n\u00ed \u22646m<br \/>\nVlhkost 5 ~ 95% R.H<br \/>\nBaterie 3,7 V \/ 1200 mAh<br \/>\nRozm\u011br 152.0*96.0*83.4mm<br \/>\nHmotnost 0,23 kg<br \/>\nMateri\u00e1l ABS, anti-UV, V0 neho\u0159lav\u00fd, bezpe\u010dn\u00fd a siln\u00fd<br \/>\nPracovn\u00ed teplota -20 ~ 55 \u00b0 C<br \/>\nPohybov\u00fd senzor<br \/>\nBezdr\u00e1tov\u00e1 instalace<\/h6>\n","protected":false},"featured_media":697,"comment_status":"open","ping_status":"closed","template":"","meta":{"_et_pb_use_builder":"","_et_pb_old_content":"","_et_gb_content_width":""},"_links":{"self":[{"href":"https:\/\/www.led-llt.eu\/index.php?rest_route=\/wp\/v2\/product\/693"}],"collection":[{"href":"https:\/\/www.led-llt.eu\/index.php?rest_route=\/wp\/v2\/product"}],"about":[{"href":"https:\/\/www.led-llt.eu\/index.php?rest_route=\/wp\/v2\/types\/product"}],"replies":[{"embeddable":true,"href":"https:\/\/www.led-llt.eu\/index.php?rest_route=%2Fwp%2Fv2%2Fcomments&post=693"}],"wp:featuredmedia":[{"embeddable":true,"href":"https:\/\/www.led-llt.eu\/index.php?rest_route=\/wp\/v2\/media\/697"}],"wp:attachment":[{"href":"https:\/\/www.led-llt.eu\/index.php?rest_route=%2Fwp%2Fv2%2Fmedia&parent=693"}],"curies":[{"name":"wp","href":"https:\/\/api.w.org\/{rel}","templated":true}]}}